{"id":12311,"date":"2013-05-31T11:58:45","date_gmt":"2013-05-31T09:58:45","guid":{"rendered":"https:\/\/www.onaccent.com\/servicios\/"},"modified":"2024-09-18T13:53:28","modified_gmt":"2024-09-18T11:53:28","slug":"serveis","status":"publish","type":"page","link":"https:\/\/www.onaccent.com\/ca\/serveis\/","title":{"rendered":"Serveis"},"content":{"rendered":"<section class=\"l-section wpb_row height_custom\"><div class=\"l-section-h i-cf\"><div class=\"g-cols vc_row via_flex valign_top type_default stacking_default\"><div class=\"vc_col-sm-12 wpb_column vc_column_container\"><div class=\"vc_column-inner\"><div class=\"wpb_wrapper\"><div class=\"w-tabs us_custom_a518f36e us_animate_this style_default switch_click accordion has_scrolling remove_indents\" style=\"--sections-title-size:2rem\"><div class=\"w-tabs-sections titles-align_none icon_chevron cpos_right\"><div class=\"w-tabs-section\" id=\"mf36\"><button class=\"w-tabs-section-header\" aria-controls=\"content-mf36\" aria-expanded=\"false\"><h2 class=\"w-tabs-section-title\">IDENTITAT DE MARCA<\/h2><div class=\"w-tabs-section-control\"><\/div><\/button><div  class=\"w-tabs-section-content\" id=\"content-mf36\"><div class=\"w-tabs-section-content-h i-cf\"><div class=\"wpb_text_column us_custom_88d81d76 us_animate_this\"><div class=\"wpb_wrapper\"><p>La imatge visual d&#8217;una marca \u00e9s una representaci\u00f3 conscient dels seus valors i prop\u00f2sit. Cada element visual es tria acuradament per transmetre un significat aut\u00e8ntic i coherent amb la filosofia de l\u2019empresa. En lloc de seguir tend\u00e8ncies, aquest enfocament integra de forma hol\u00edstica el producte, la marca i el seu entorn. La marca, com a vincle amb l\u2019audi\u00e8ncia, crea relacions duradores basades en la confian\u00e7a. Un \u00fas irresponsable o superficial pot afectar negativament la seva percepci\u00f3, mentre que un disseny conscient refor\u00e7a la seva connexi\u00f3 amb el p\u00fablic i la seva integritat.<\/p>\n<h3><i class=\"fa fa-ok\"><\/i>Assessoria de marca<\/h3>\n<h3>Imatge corporativa i branding<\/h3>\n<h3><i class=\"fa fa-ok\"><\/i>Naming<i class=\"fa fa-ok\"><\/i><\/h3>\n<h3><i class=\"fa fa-ok\"><\/i>Aplicacions de papereria<\/h3>\n<h3><i class=\"fa fa-ok\"><\/i>Cat\u00e0legs corporatius<\/h3>\n<h3><i class=\"fa fa-ok\"><\/i>Senyal\u00e8tica interior i exterior<\/h3>\n<h3>Marxandatge<\/h3>\n<h3>Packaging<i class=\"fa fa-ok\"><\/i><\/h3>\n<\/div><\/div><\/div><\/div><\/div><div class=\"w-tabs-section\" id=\"y342\"><button class=\"w-tabs-section-header\" aria-controls=\"content-y342\" aria-expanded=\"false\"><h2 class=\"w-tabs-section-title\">COMUNICACI\u00d3 DIGITAL<\/h2><div class=\"w-tabs-section-control\"><\/div><\/button><div  class=\"w-tabs-section-content\" id=\"content-y342\"><div class=\"w-tabs-section-content-h i-cf\"><div class=\"wpb_text_column us_custom_113a7b77 us_animate_this\"><div class=\"wpb_wrapper\"><p>Posam \u00e8mfasi en el mitj\u00e0 digital. Internet \u00e9s un espai en constant moviment, per\u00f2 aix\u00f2 no significa que la pres\u00e8ncia en l\u00ednia hagi de ser immediata o superficial. Estar presents a la xarxa \u00e9s important, per\u00f2 encara m\u00e9s crucial \u00e9s destacar amb una estrat\u00e8gia reflexionada i una imatge que connecti profundament amb l\u2019audi\u00e8ncia. Cercam crear experi\u00e8ncies digitals que siguin sostenibles, significatives i alineades amb els valors de la marca, aportant qualitat i autenticitat en lloc de velocitat.<\/p>\n<h3>Pla de pres\u00e8ncia en l\u00ednia<\/h3>\n<h3>Auditoria gr\u00e0fica web<\/h3>\n<h3>Disseny web<\/h3>\n<h3>WordPress<\/h3>\n<h3><i class=\"fa fa-ok\"><\/i>Community management<i class=\"fa fa-ok\"><\/i><\/h3>\n<h3>Kit de marca per a xarxes socials<i class=\"fa fa-ok\"><\/i><\/h3>\n<\/div><\/div><\/div><\/div><\/div><div class=\"w-tabs-section\" id=\"u68d\"><button class=\"w-tabs-section-header\" aria-controls=\"content-u68d\" aria-expanded=\"false\"><h2 class=\"w-tabs-section-title\">DISSENY GR\u00c0FIC<\/h2><div class=\"w-tabs-section-control\"><\/div><\/button><div  class=\"w-tabs-section-content\" id=\"content-u68d\"><div class=\"w-tabs-section-content-h i-cf\"><div class=\"wpb_text_column us_custom_d0b4a4b7 us_animate_this\"><div class=\"wpb_wrapper\"><p>La creativitat i el disseny cerquen establir connexions aut\u00e8ntiques amb l\u2019audi\u00e8ncia. Qualsevol mitj\u00e0 \u00e9s una oportunitat per comunicar de manera conscient, aportant valor real i construint relacions profundes. Un disseny gr\u00e0fic de qualitat no persegueix la immediatesa, sin\u00f3 la conexi\u00f3 amb el p\u00fablic a trav\u00e9s de la coher\u00e8ncia.<\/p>\n<h3><i class=\"fa fa-ok\"><\/i>Publicitat<\/h3>\n<h3><i class=\"fa fa-ok\"><\/i>Cartells<\/h3>\n<h3><i class=\"fa fa-ok\"><\/i>Fulletons<i class=\"fa fa-ok\"><\/i><\/h3>\n<h3>Packaging<\/h3>\n<h3>Infografies<\/h3>\n<\/div><\/div><\/div><\/div><\/div><div class=\"w-tabs-section\" id=\"ja57\"><button class=\"w-tabs-section-header\" aria-controls=\"content-ja57\" aria-expanded=\"false\"><h2 class=\"w-tabs-section-title\">DISSENY EDITORIAL<\/h2><div class=\"w-tabs-section-control\"><\/div><\/button><div  class=\"w-tabs-section-content\" id=\"content-ja57\"><div class=\"w-tabs-section-content-h i-cf\"><div class=\"wpb_text_column us_custom_f98fb134 us_animate_this\"><div class=\"wpb_wrapper\"><p>Ens agraden els llibres, ens agrada llegir i aquesta afici\u00f3 ens ha portat a investigar i aprofundir en l\u2019experi\u00e8ncia de la lectura. Aquest coneixement, juntament amb la nostra formaci\u00f3 professional, ens permet abordar qualsevol projecte editorial amb cura i delicadesa. Intentam que el disseny complementi el contingut, afavoreixi la comprensi\u00f3 i reforci les sensacions, aquelles que nosaltres mateixos experimentam i desitjam compartir.<\/p>\n<h3><i class=\"fa fa-ok\"><\/i>Assessoria en projectes editorials<\/h3>\n<h3><i class=\"fa fa-ok\"><\/i>Disseny i maquetaci\u00f3 de llibres<i class=\"fa fa-ok\"><\/i><\/h3>\n<h3><i class=\"fa fa-ok\"><\/i>Llibres infantils il\u00b7lustrats<\/h3>\n<h3><i class=\"fa fa-ok\"><\/i>Cat\u00e0legs<\/h3>\n<h3><i class=\"fa fa-ok\"><\/i>Revistes digitales i impreses<i class=\"fa fa-ok\"><\/i><\/h3>\n<h3><i class=\"fa fa-ok\"><\/i>Dossiers i mem\u00f2ries<\/h3>\n<h3><i class=\"fa fa-ok\"><\/i>Informes anuals<\/h3>\n<\/div><\/div><\/div><\/div><\/div><div class=\"w-tabs-section\" id=\"nd52\"><button class=\"w-tabs-section-header\" aria-controls=\"content-nd52\" aria-expanded=\"false\"><h2 class=\"w-tabs-section-title\">IL\u00b7LUSTRACI\u00d3<\/h2><div class=\"w-tabs-section-control\"><\/div><\/button><div  class=\"w-tabs-section-content\" id=\"content-nd52\"><div class=\"w-tabs-section-content-h i-cf\"><div class=\"wpb_text_column us_custom_38016ef4 us_animate_this\"><div class=\"wpb_wrapper\"><p>Com a il\u00b7lustradora, l&#8217;enfocament d&#8217;Ant\u00f2nia Calafat es basa a donar vida a les hist\u00f2ries mitjan\u00e7ant un estil \u00fanic i personal. Cada projecte \u00e9s una oportunitat per expressar la seva creativitat i destresa, reflectint la passi\u00f3 i estima que t\u00e9 pel seu ofici.<\/p>\n<h3><i class=\"fa fa-ok\"><\/i>Il\u00b7lustraci\u00f3 editorial<\/h3>\n<h3>Il\u00b7lustraci\u00f3 publicit\u00e0ria<\/h3>\n<h3>Il\u00b7lustraci\u00f3 infantil<i class=\"fa fa-ok\"><\/i><\/h3>\n<h3><i class=\"fa fa-ok\"><\/i>Icones i pictogrames<\/h3>\n<h3>Infografia<\/h3>\n<\/div><\/div><\/div><\/div><\/div><div class=\"w-tabs-section\" id=\"b059\"><button class=\"w-tabs-section-header\" aria-controls=\"content-b059\" aria-expanded=\"false\"><h2 class=\"w-tabs-section-title\">FOTOGRAFIA I DIRECCI\u00d3 D&#8217;ART<\/h2><div class=\"w-tabs-section-control\"><\/div><\/button><div  class=\"w-tabs-section-content\" id=\"content-b059\"><div class=\"w-tabs-section-content-h i-cf\"><div class=\"wpb_text_column us_custom_606dd735 us_animate_this\"><div class=\"wpb_wrapper\"><p>A trav\u00e9s de la nostra c\u00e0mera, intentem capturar l&#8217;ess\u00e8ncia del subjecte en la m\u00e0xima expressi\u00f3. Ens esforcem per crear imatges que siguin veritablement \u00faniques i suggerents, ressaltant la personalitat i la singularitat de cada element, d&#8217;una forma conscient i reflexiva.<\/p>\n<h3><i class=\"fa fa-ok\"><\/i>Fotografia immobili\u00e0ria<\/h3>\n<h3>Fotograf\u00eda de producte<\/h3>\n<h3>Fotograf\u00eda d&#8217;estudi<i class=\"fa fa-ok\"><\/i><\/h3>\n<h3>Direcci\u00f3 d&#8217;art<\/h3>\n<\/div><\/div><\/div><\/div><\/div><\/div><\/div><\/div><\/div><\/div><\/div><\/div><\/section><section class=\"l-section wpb_row height_custom\"><div class=\"l-section-h i-cf\"><div class=\"g-cols vc_row via_flex valign_top type_default stacking_default\"><div class=\"vc_col-sm-12 wpb_column vc_column_container\"><div class=\"vc_column-inner\"><div class=\"wpb_wrapper\"><div class=\"g-cols wpb_row via_flex valign_top type_default stacking_default\"><div class=\"vc_col-sm-3 wpb_column vc_column_container\"><div class=\"vc_column-inner\"><div class=\"wpb_wrapper\"><div class=\"wpb_text_column us_custom_d89fe7f6 us_animate_this\"><div class=\"wpb_wrapper\"><h3>Ens esfor\u00e7am per oferir solucions que no nom\u00e9s resolguin necessitats, sin\u00f3 que tamb\u00e9 inspirin i ressonin amb autenticitat.<\/h3>\n<\/div><\/div><\/div><\/div><\/div><div class=\"vc_col-sm-6 wpb_column vc_column_container\"><div class=\"vc_column-inner\"><div class=\"wpb_wrapper\"><div class=\"wpb_text_column us_custom_19113836 us_animate_this\"><div class=\"wpb_wrapper\"><p>A nosaltres, com a molta gent, ens inspiren m\u00e9s confian\u00e7a les empreses amb una imatge cuidada i aut\u00e8ntica. Escollim els llibres per la portada, no canviam de canal quan surten els anuncis i, a l&#8217;hora de comprar, ens deixam seduir per l&#8217;embalatge. Tanmateix, tamb\u00e9 ens interessen els detalls profunds: el com i el per qu\u00e8 de cada proc\u00e9s, la hist\u00f2ria i la filosofia que hi ha darrere. Valoram la passi\u00f3, l&#8217;honestedat i el comprom\u00eds genu\u00ed que es reflecteixen en un disseny pensat amb cura i consci\u00e8ncia, que no nom\u00e9s cerca atreure visualment, sin\u00f3 tamb\u00e9 connectar de manera aut\u00e8ntica i sostenible.<\/p>\n<\/div><\/div><\/div><\/div><\/div><div class=\"vc_col-sm-3 wpb_column vc_column_container\"><div class=\"vc_column-inner\"><div class=\"wpb_wrapper\"><style>#mdp-lottier-box-15a7f4f6d26f24959c5b1d3f23754f84 .mdp-lottier-svg .mdp-lottier-player{ width: 100%; }#mdp-lottier-box-15a7f4f6d26f24959c5b1d3f23754f84 .mdp-lottier-svg { justify-content: flex-start; }<\/style><!-- Start Lottier for WPBakery WordPress Plugin --><div id=\"mdp-lottier-box-15a7f4f6d26f24959c5b1d3f23754f84\" class=\"mdp-lottier-box\">\n\t    <div class=\"mdp-lottier-svg\">\n\t\t    <div class=\"mdp-lottier-player\"\n                 data-id=\"15a7f4f6d26f24959c5b1d3f23754f84\"\n                 data-finish-before-pause=\"\"\n\t\t         data-autoplay=\"autoplay\"\n\t\t         data-speed=\"1\"\n\t\t         data-loop=\"true\"\n\t\t         data-controls=\"false\"\n\t\t         data-mode=\"normal\"\n\t\t    >\n\t\t\t    <!--suppress HtmlUnknownTag -->\n\t\t\t                        <dotlottie-player id=\"mdp-lottier-15a7f4f6d26f24959c5b1d3f23754f84\"\n                                      class=\"mdp-lottier-animation \"\n                                      src='https:\/\/www.onaccent.com\/wp-content\/uploads\/2023\/10\/laberint.lottie'><\/dotlottie-player>\n                \t\t    <\/div>\n\t    <\/div>\n\n\t    \n\t    \t    <\/div>\n\t    <!-- End Lottier for WPBakery WordPress Plugin -->\n\n\t    <\/div><\/div><\/div><\/div><\/div><\/div><\/div><\/div><\/div><\/section>\n","protected":false},"excerpt":{"rendered":"IDENTITAT DE MARCALa imatge visual d&#8217;una marca \u00e9s una representaci\u00f3 conscient dels seus valors i prop\u00f2sit. Cada element visual es tria acuradament per transmetre un significat aut\u00e8ntic i coherent amb la filosofia de l\u2019empresa. En lloc de seguir tend\u00e8ncies, aquest enfocament integra de forma hol\u00edstica el producte, la marca i el seu entorn. La marca,...","protected":false},"author":1,"featured_media":0,"parent":0,"menu_order":0,"comment_status":"closed","ping_status":"closed","template":"","meta":{"_acf_changed":false,"footnotes":""},"class_list":["post-12311","page","type-page","status-publish","hentry"],"acf":[],"yoast_head":"<!-- This site is optimized with the Yoast SEO plugin v27.5 - https:\/\/yoast.com\/product\/yoast-seo-wordpress\/ -->\n<title>Serveis - Onaccent<\/title>\n<meta name=\"robots\" content=\"index, follow, max-snippet:-1, max-image-preview:large, max-video-preview:-1\" \/>\n<link rel=\"canonical\" href=\"https:\/\/www.onaccent.com\/ca\/serveis\/\" \/>\n<meta property=\"og:locale\" content=\"ca_ES\" \/>\n<meta property=\"og:type\" content=\"article\" \/>\n<meta property=\"og:title\" content=\"Serveis - Onaccent\" \/>\n<meta property=\"og:url\" content=\"https:\/\/www.onaccent.com\/ca\/serveis\/\" \/>\n<meta property=\"og:site_name\" content=\"Onaccent\" \/>\n<meta property=\"article:publisher\" content=\"https:\/\/www.facebook.com\/onaccent\" \/>\n<meta property=\"article:modified_time\" content=\"2024-09-18T11:53:28+00:00\" \/>\n<meta property=\"og:image\" content=\"https:\/\/www.onaccent.com\/wp-content\/uploads\/2023\/05\/favicon-onaccent.png\" \/>\n\t<meta property=\"og:image:width\" content=\"1000\" \/>\n\t<meta property=\"og:image:height\" content=\"1000\" \/>\n\t<meta property=\"og:image:type\" content=\"image\/png\" \/>\n<meta name=\"twitter:card\" content=\"summary_large_image\" \/>\n<script type=\"application\/ld+json\" class=\"yoast-schema-graph\">{\"@context\":\"https:\\\/\\\/schema.org\",\"@graph\":[{\"@type\":\"WebPage\",\"@id\":\"https:\\\/\\\/www.onaccent.com\\\/ca\\\/serveis\\\/\",\"url\":\"https:\\\/\\\/www.onaccent.com\\\/ca\\\/serveis\\\/\",\"name\":\"Serveis - Onaccent\",\"isPartOf\":{\"@id\":\"https:\\\/\\\/www.onaccent.com\\\/#website\"},\"datePublished\":\"2013-05-31T09:58:45+00:00\",\"dateModified\":\"2024-09-18T11:53:28+00:00\",\"breadcrumb\":{\"@id\":\"https:\\\/\\\/www.onaccent.com\\\/ca\\\/serveis\\\/#breadcrumb\"},\"inLanguage\":\"ca\",\"potentialAction\":[{\"@type\":\"ReadAction\",\"target\":[\"https:\\\/\\\/www.onaccent.com\\\/ca\\\/serveis\\\/\"]}]},{\"@type\":\"BreadcrumbList\",\"@id\":\"https:\\\/\\\/www.onaccent.com\\\/ca\\\/serveis\\\/#breadcrumb\",\"itemListElement\":[{\"@type\":\"ListItem\",\"position\":1,\"name\":\"Portada\",\"item\":\"https:\\\/\\\/www.onaccent.com\\\/ca\\\/\"},{\"@type\":\"ListItem\",\"position\":2,\"name\":\"Serveis\"}]},{\"@type\":\"WebSite\",\"@id\":\"https:\\\/\\\/www.onaccent.com\\\/#website\",\"url\":\"https:\\\/\\\/www.onaccent.com\\\/\",\"name\":\"Onaccent\",\"description\":\"Disseny Creatiu Digital\",\"publisher\":{\"@id\":\"https:\\\/\\\/www.onaccent.com\\\/#organization\"},\"potentialAction\":[{\"@type\":\"SearchAction\",\"target\":{\"@type\":\"EntryPoint\",\"urlTemplate\":\"https:\\\/\\\/www.onaccent.com\\\/?s={search_term_string}\"},\"query-input\":{\"@type\":\"PropertyValueSpecification\",\"valueRequired\":true,\"valueName\":\"search_term_string\"}}],\"inLanguage\":\"ca\"},{\"@type\":\"Organization\",\"@id\":\"https:\\\/\\\/www.onaccent.com\\\/#organization\",\"name\":\"Onaccent\",\"url\":\"https:\\\/\\\/www.onaccent.com\\\/\",\"logo\":{\"@type\":\"ImageObject\",\"inLanguage\":\"ca\",\"@id\":\"https:\\\/\\\/www.onaccent.com\\\/#\\\/schema\\\/logo\\\/image\\\/\",\"url\":\"https:\\\/\\\/www.onaccent.com\\\/wp-content\\\/uploads\\\/2023\\\/05\\\/favicon-onaccent.png\",\"contentUrl\":\"https:\\\/\\\/www.onaccent.com\\\/wp-content\\\/uploads\\\/2023\\\/05\\\/favicon-onaccent.png\",\"width\":1000,\"height\":1000,\"caption\":\"Onaccent\"},\"image\":{\"@id\":\"https:\\\/\\\/www.onaccent.com\\\/#\\\/schema\\\/logo\\\/image\\\/\"},\"sameAs\":[\"https:\\\/\\\/www.facebook.com\\\/onaccent\",\"https:\\\/\\\/www.instagram.com\\\/on_accent\\\/\",\"https:\\\/\\\/www.pinterest.es\\\/onaccent\\\/\"]}]}<\/script>\n<!-- \/ Yoast SEO plugin. -->","yoast_head_json":{"title":"Serveis - Onaccent","robots":{"index":"index","follow":"follow","max-snippet":"max-snippet:-1","max-image-preview":"max-image-preview:large","max-video-preview":"max-video-preview:-1"},"canonical":"https:\/\/www.onaccent.com\/ca\/serveis\/","og_locale":"ca_ES","og_type":"article","og_title":"Serveis - Onaccent","og_url":"https:\/\/www.onaccent.com\/ca\/serveis\/","og_site_name":"Onaccent","article_publisher":"https:\/\/www.facebook.com\/onaccent","article_modified_time":"2024-09-18T11:53:28+00:00","og_image":[{"width":1000,"height":1000,"url":"https:\/\/www.onaccent.com\/wp-content\/uploads\/2023\/05\/favicon-onaccent.png","type":"image\/png"}],"twitter_card":"summary_large_image","schema":{"@context":"https:\/\/schema.org","@graph":[{"@type":"WebPage","@id":"https:\/\/www.onaccent.com\/ca\/serveis\/","url":"https:\/\/www.onaccent.com\/ca\/serveis\/","name":"Serveis - Onaccent","isPartOf":{"@id":"https:\/\/www.onaccent.com\/#website"},"datePublished":"2013-05-31T09:58:45+00:00","dateModified":"2024-09-18T11:53:28+00:00","breadcrumb":{"@id":"https:\/\/www.onaccent.com\/ca\/serveis\/#breadcrumb"},"inLanguage":"ca","potentialAction":[{"@type":"ReadAction","target":["https:\/\/www.onaccent.com\/ca\/serveis\/"]}]},{"@type":"BreadcrumbList","@id":"https:\/\/www.onaccent.com\/ca\/serveis\/#breadcrumb","itemListElement":[{"@type":"ListItem","position":1,"name":"Portada","item":"https:\/\/www.onaccent.com\/ca\/"},{"@type":"ListItem","position":2,"name":"Serveis"}]},{"@type":"WebSite","@id":"https:\/\/www.onaccent.com\/#website","url":"https:\/\/www.onaccent.com\/","name":"Onaccent","description":"Disseny Creatiu Digital","publisher":{"@id":"https:\/\/www.onaccent.com\/#organization"},"potentialAction":[{"@type":"SearchAction","target":{"@type":"EntryPoint","urlTemplate":"https:\/\/www.onaccent.com\/?s={search_term_string}"},"query-input":{"@type":"PropertyValueSpecification","valueRequired":true,"valueName":"search_term_string"}}],"inLanguage":"ca"},{"@type":"Organization","@id":"https:\/\/www.onaccent.com\/#organization","name":"Onaccent","url":"https:\/\/www.onaccent.com\/","logo":{"@type":"ImageObject","inLanguage":"ca","@id":"https:\/\/www.onaccent.com\/#\/schema\/logo\/image\/","url":"https:\/\/www.onaccent.com\/wp-content\/uploads\/2023\/05\/favicon-onaccent.png","contentUrl":"https:\/\/www.onaccent.com\/wp-content\/uploads\/2023\/05\/favicon-onaccent.png","width":1000,"height":1000,"caption":"Onaccent"},"image":{"@id":"https:\/\/www.onaccent.com\/#\/schema\/logo\/image\/"},"sameAs":["https:\/\/www.facebook.com\/onaccent","https:\/\/www.instagram.com\/on_accent\/","https:\/\/www.pinterest.es\/onaccent\/"]}]}},"_links":{"self":[{"href":"https:\/\/www.onaccent.com\/ca\/wp-json\/wp\/v2\/pages\/12311","targetHints":{"allow":["GET"]}}],"collection":[{"href":"https:\/\/www.onaccent.com\/ca\/wp-json\/wp\/v2\/pages"}],"about":[{"href":"https:\/\/www.onaccent.com\/ca\/wp-json\/wp\/v2\/types\/page"}],"author":[{"embeddable":true,"href":"https:\/\/www.onaccent.com\/ca\/wp-json\/wp\/v2\/users\/1"}],"replies":[{"embeddable":true,"href":"https:\/\/www.onaccent.com\/ca\/wp-json\/wp\/v2\/comments?post=12311"}],"version-history":[{"count":22,"href":"https:\/\/www.onaccent.com\/ca\/wp-json\/wp\/v2\/pages\/12311\/revisions"}],"predecessor-version":[{"id":13069,"href":"https:\/\/www.onaccent.com\/ca\/wp-json\/wp\/v2\/pages\/12311\/revisions\/13069"}],"wp:attachment":[{"href":"https:\/\/www.onaccent.com\/ca\/wp-json\/wp\/v2\/media?parent=12311"}],"curies":[{"name":"wp","href":"https:\/\/api.w.org\/{rel}","templated":true}]}}